{"id":5235,"date":"2014-08-06T11:04:58","date_gmt":"2014-08-06T11:04:58","guid":{"rendered":""},"modified":"2024-02-21T08:40:17","modified_gmt":"2024-02-21T08:40:17","slug":"anna-john","status":"publish","type":"portfolio_item","link":"https:\/\/kloster-notenson.com\/index.php\/project\/anna-john\/","title":{"rendered":"La Solana"},"content":{"rendered":"\r\n<p style=\"text-align: center;\">Costa del Sol 2023<\/p>\r\n<p style=\"text-align: center;\">340 m2 + terr. \/ 4 dormitorios \/ 4 ba\u00f1os \/ poolhouse<\/p>\r\n<p style=\"text-align: center;\">Renovaci\u00f3n de una casa de verano construida en los a\u00f1os 70. El proyecto consisti\u00f3 en optimizar los espacios y mejorar las calidades sin que la casa perdiera su encanto original ni su car\u00e1cter mediterr\u00e1neo.<span class=\"Apple-converted-space\">\u00a0<\/span><\/p>\r\n<p style=\"text-align: center;\"><i>Renovation of a summer house built in the 1970s. The project consisted of optimising the spaces and improving the qualities without the house losing its original charm and Mediterranean character.<\/i><\/p>\r\n\r\n\r\n\r\n<figure class=\"wp-block-gallery alignwide columns-3 is-cropped wp-block-gallery-1 is-layout-flex wp-block-gallery-is-layout-flex\">\r\n<figure><img loading=\"lazy\" decoding=\"async\" class=\"alignnone wp-image-6310 size-full\" src=\"https:\/\/kloster-notenson.com\/wordpress\/wp-content\/uploads\/2014\/08\/Solana-1.jpg\" alt=\"\" width=\"2000\" height=\"1333\" data-id=\"5603\" srcset=\"https:\/\/kloster-notenson.com\/wp-content\/uploads\/2014\/08\/Solana-1.jpg 2000w, https:\/\/kloster-notenson.com\/wp-content\/uploads\/2014\/08\/Solana-1-300x200.jpg 300w, https:\/\/kloster-notenson.com\/wp-content\/uploads\/2014\/08\/Solana-1-1024x682.jpg 1024w, https:\/\/kloster-notenson.com\/wp-content\/uploads\/2014\/08\/Solana-1-768x512.jpg 768w, https:\/\/kloster-notenson.com\/wp-content\/uploads\/2014\/08\/Solana-1-1536x1024.jpg 1536w, https:\/\/kloster-notenson.com\/wp-content\/uploads\/2014\/08\/Solana-1-1000x667.jpg 1000w, https:\/\/kloster-notenson.com\/wp-content\/uploads\/2014\/08\/Solana-1-1800x1200.jpg 1800w, https:\/\/kloster-notenson.com\/wp-content\/uploads\/2014\/08\/Solana-1-840x560.jpg 840w, https:\/\/kloster-notenson.com\/wp-content\/uploads\/2014\/08\/Solana-1-600x400.jpg 600w\" sizes=\"auto, (max-width: 2000px) 100vw, 2000px\" \/><\/figure>\r\n<ul class=\"blocks-gallery-grid\">\r\n<li class=\"blocks-gallery-item\">\r\n<figure><img loading=\"lazy\" decoding=\"async\" class=\"alignnone wp-image-6311 size-full\" src=\"https:\/\/kloster-notenson.com\/wordpress\/wp-content\/uploads\/2014\/08\/Solana-2.jpg\" alt=\"\" width=\"2000\" height=\"1333\" data-id=\"5606\" srcset=\"https:\/\/kloster-notenson.com\/wp-content\/uploads\/2014\/08\/Solana-2.jpg 2000w, https:\/\/kloster-notenson.com\/wp-content\/uploads\/2014\/08\/Solana-2-300x200.jpg 300w, https:\/\/kloster-notenson.com\/wp-content\/uploads\/2014\/08\/Solana-2-1024x682.jpg 1024w, https:\/\/kloster-notenson.com\/wp-content\/uploads\/2014\/08\/Solana-2-768x512.jpg 768w, https:\/\/kloster-notenson.com\/wp-content\/uploads\/2014\/08\/Solana-2-1536x1024.jpg 1536w, https:\/\/kloster-notenson.com\/wp-content\/uploads\/2014\/08\/Solana-2-1000x667.jpg 1000w, https:\/\/kloster-notenson.com\/wp-content\/uploads\/2014\/08\/Solana-2-1800x1200.jpg 1800w, https:\/\/kloster-notenson.com\/wp-content\/uploads\/2014\/08\/Solana-2-840x560.jpg 840w, https:\/\/kloster-notenson.com\/wp-content\/uploads\/2014\/08\/Solana-2-600x400.jpg 600w\" sizes=\"auto, (max-width: 2000px) 100vw, 2000px\" \/><\/figure>\r\n<\/li>\r\n<li class=\"blocks-gallery-item\">\r\n<figure><img loading=\"lazy\" decoding=\"async\" class=\"alignnone wp-image-6313 size-full\" src=\"https:\/\/kloster-notenson.com\/wordpress\/wp-content\/uploads\/2014\/08\/Solana-4.jpg\" alt=\"\" width=\"2000\" height=\"1333\" data-id=\"5597\" srcset=\"https:\/\/kloster-notenson.com\/wp-content\/uploads\/2014\/08\/Solana-4.jpg 2000w, https:\/\/kloster-notenson.com\/wp-content\/uploads\/2014\/08\/Solana-4-300x200.jpg 300w, https:\/\/kloster-notenson.com\/wp-content\/uploads\/2014\/08\/Solana-4-1024x682.jpg 1024w, https:\/\/kloster-notenson.com\/wp-content\/uploads\/2014\/08\/Solana-4-768x512.jpg 768w, https:\/\/kloster-notenson.com\/wp-content\/uploads\/2014\/08\/Solana-4-1536x1024.jpg 1536w, https:\/\/kloster-notenson.com\/wp-content\/uploads\/2014\/08\/Solana-4-1000x667.jpg 1000w, https:\/\/kloster-notenson.com\/wp-content\/uploads\/2014\/08\/Solana-4-1800x1200.jpg 1800w, https:\/\/kloster-notenson.com\/wp-content\/uploads\/2014\/08\/Solana-4-840x560.jpg 840w, https:\/\/kloster-notenson.com\/wp-content\/uploads\/2014\/08\/Solana-4-600x400.jpg 600w\" sizes=\"auto, (max-width: 2000px) 100vw, 2000px\" \/><\/figure>\r\n<\/li>\r\n<li class=\"blocks-gallery-item\">\r\n<figure><img loading=\"lazy\" decoding=\"async\" class=\"alignnone wp-image-6716 size-full\" src=\"https:\/\/kloster-notenson.com\/wordpress\/wp-content\/uploads\/2014\/08\/05.png\" alt=\"\" width=\"2500\" height=\"1406\" data-id=\"5596\" srcset=\"https:\/\/kloster-notenson.com\/wp-content\/uploads\/2014\/08\/05.png 2500w, https:\/\/kloster-notenson.com\/wp-content\/uploads\/2014\/08\/05-300x169.png 300w, https:\/\/kloster-notenson.com\/wp-content\/uploads\/2014\/08\/05-1024x576.png 1024w, https:\/\/kloster-notenson.com\/wp-content\/uploads\/2014\/08\/05-768x432.png 768w, https:\/\/kloster-notenson.com\/wp-content\/uploads\/2014\/08\/05-1536x864.png 1536w, https:\/\/kloster-notenson.com\/wp-content\/uploads\/2014\/08\/05-2048x1152.png 2048w, https:\/\/kloster-notenson.com\/wp-content\/uploads\/2014\/08\/05-2000x1125.png 2000w, https:\/\/kloster-notenson.com\/wp-content\/uploads\/2014\/08\/05-1000x562.png 1000w, https:\/\/kloster-notenson.com\/wp-content\/uploads\/2014\/08\/05-1800x1012.png 1800w, https:\/\/kloster-notenson.com\/wp-content\/uploads\/2014\/08\/05-996x560.png 996w, https:\/\/kloster-notenson.com\/wp-content\/uploads\/2014\/08\/05-600x337.png 600w\" sizes=\"auto, (max-width: 2500px) 100vw, 2500px\" \/><\/figure>\r\n<\/li>\r\n<li class=\"blocks-gallery-item\">\r\n<figure><img loading=\"lazy\" decoding=\"async\" class=\"alignnone wp-image-6312 size-full\" src=\"https:\/\/kloster-notenson.com\/wordpress\/wp-content\/uploads\/2014\/08\/Solana-3.jpg\" alt=\"\" width=\"2000\" height=\"1333\" data-id=\"5594\" srcset=\"https:\/\/kloster-notenson.com\/wp-content\/uploads\/2014\/08\/Solana-3.jpg 2000w, https:\/\/kloster-notenson.com\/wp-content\/uploads\/2014\/08\/Solana-3-300x200.jpg 300w, https:\/\/kloster-notenson.com\/wp-content\/uploads\/2014\/08\/Solana-3-1024x682.jpg 1024w, https:\/\/kloster-notenson.com\/wp-content\/uploads\/2014\/08\/Solana-3-768x512.jpg 768w, https:\/\/kloster-notenson.com\/wp-content\/uploads\/2014\/08\/Solana-3-1536x1024.jpg 1536w, https:\/\/kloster-notenson.com\/wp-content\/uploads\/2014\/08\/Solana-3-1000x667.jpg 1000w, https:\/\/kloster-notenson.com\/wp-content\/uploads\/2014\/08\/Solana-3-1800x1200.jpg 1800w, https:\/\/kloster-notenson.com\/wp-content\/uploads\/2014\/08\/Solana-3-840x560.jpg 840w, https:\/\/kloster-notenson.com\/wp-content\/uploads\/2014\/08\/Solana-3-600x400.jpg 600w\" sizes=\"auto, (max-width: 2000px) 100vw, 2000px\" \/><\/figure>\r\n<\/li>\r\n<\/ul>\r\n<\/figure>\r\n\r\n\r\n","protected":false},"excerpt":{"rendered":"<p>Costa del Sol 2023 340 m2 + terr. \/ 4 dormitorios \/ 4 ba\u00f1os \/ poolhouse Renovaci\u00f3n de una casa de verano construida en los a\u00f1os 70. El proyecto consisti\u00f3 en optimizar los espacios y mejorar las calidades sin que la casa perdiera su encanto original ni su car\u00e1cter mediterr\u00e1neo.\u00a0 Renovation of a summer house built in the 1970s. The project consisted of optimising the spaces and improving the qualities without the house losing its [&hellip;]<\/p>\n","protected":false},"author":1,"featured_media":6715,"comment_status":"open","ping_status":"closed","template":"","meta":[],"portfolio":[],"class_list":["post-5235","portfolio_item","type-portfolio_item","status-publish","has-post-thumbnail","hentry"],"yoast_head":"<!-- This site is optimized with the Yoast SEO plugin v22.5 - https:\/\/yoast.com\/wordpress\/plugins\/seo\/ -->\n<title>La Solana - Kloster-Notenson<\/title>\n<meta name=\"robots\" content=\"index, follow, max-snippet:-1, max-image-preview:large, max-video-preview:-1\" \/>\n<link rel=\"canonical\" href=\"https:\/\/kloster-notenson.com\/index.php\/project\/anna-john\/\" \/>\n<meta property=\"og:locale\" content=\"es_ES\" \/>\n<meta property=\"og:type\" content=\"article\" \/>\n<meta property=\"og:title\" content=\"La Solana - Kloster-Notenson\" \/>\n<meta property=\"og:description\" content=\"Costa del Sol 2023 340 m2 + terr. \/ 4 dormitorios \/ 4 ba\u00f1os \/ poolhouse Renovaci\u00f3n de una casa de verano construida en los a\u00f1os 70. El proyecto consisti\u00f3 en optimizar los espacios y mejorar las calidades sin que la casa perdiera su encanto original ni su car\u00e1cter mediterr\u00e1neo.\u00a0 Renovation of a summer house built in the 1970s. The project consisted of optimising the spaces and improving the qualities without the house losing its [&hellip;]\" \/>\n<meta property=\"og:url\" content=\"https:\/\/kloster-notenson.com\/index.php\/project\/anna-john\/\" \/>\n<meta property=\"og:site_name\" content=\"Kloster-Notenson\" \/>\n<meta property=\"article:modified_time\" content=\"2024-02-21T08:40:17+00:00\" \/>\n<meta property=\"og:image\" content=\"https:\/\/kloster-notenson.com\/wp-content\/uploads\/2014\/08\/02-5-scaled.jpg\" \/>\n\t<meta property=\"og:image:width\" content=\"2560\" \/>\n\t<meta property=\"og:image:height\" content=\"1440\" \/>\n\t<meta property=\"og:image:type\" content=\"image\/jpeg\" \/>\n<meta name=\"twitter:card\" content=\"summary_large_image\" \/>\n<script type=\"application\/ld+json\" class=\"yoast-schema-graph\">{\"@context\":\"https:\/\/schema.org\",\"@graph\":[{\"@type\":\"WebPage\",\"@id\":\"https:\/\/kloster-notenson.com\/index.php\/project\/anna-john\/\",\"url\":\"https:\/\/kloster-notenson.com\/index.php\/project\/anna-john\/\",\"name\":\"La Solana - Kloster-Notenson\",\"isPartOf\":{\"@id\":\"https:\/\/kloster-notenson.com\/#website\"},\"primaryImageOfPage\":{\"@id\":\"https:\/\/kloster-notenson.com\/index.php\/project\/anna-john\/#primaryimage\"},\"image\":{\"@id\":\"https:\/\/kloster-notenson.com\/index.php\/project\/anna-john\/#primaryimage\"},\"thumbnailUrl\":\"https:\/\/kloster-notenson.com\/wp-content\/uploads\/2014\/08\/02-5-scaled.jpg\",\"datePublished\":\"2014-08-06T11:04:58+00:00\",\"dateModified\":\"2024-02-21T08:40:17+00:00\",\"breadcrumb\":{\"@id\":\"https:\/\/kloster-notenson.com\/index.php\/project\/anna-john\/#breadcrumb\"},\"inLanguage\":\"es\",\"potentialAction\":[{\"@type\":\"ReadAction\",\"target\":[\"https:\/\/kloster-notenson.com\/index.php\/project\/anna-john\/\"]}]},{\"@type\":\"ImageObject\",\"inLanguage\":\"es\",\"@id\":\"https:\/\/kloster-notenson.com\/index.php\/project\/anna-john\/#primaryimage\",\"url\":\"https:\/\/kloster-notenson.com\/wp-content\/uploads\/2014\/08\/02-5-scaled.jpg\",\"contentUrl\":\"https:\/\/kloster-notenson.com\/wp-content\/uploads\/2014\/08\/02-5-scaled.jpg\",\"width\":2560,\"height\":1440},{\"@type\":\"BreadcrumbList\",\"@id\":\"https:\/\/kloster-notenson.com\/index.php\/project\/anna-john\/#breadcrumb\",\"itemListElement\":[{\"@type\":\"ListItem\",\"position\":1,\"name\":\"Portada\",\"item\":\"https:\/\/kloster-notenson.com\/\"},{\"@type\":\"ListItem\",\"position\":2,\"name\":\"La Solana\"}]},{\"@type\":\"WebSite\",\"@id\":\"https:\/\/kloster-notenson.com\/#website\",\"url\":\"https:\/\/kloster-notenson.com\/\",\"name\":\"Kloster-Notenson\",\"description\":\"Arquitectura \/ Architecture\",\"publisher\":{\"@id\":\"https:\/\/kloster-notenson.com\/#organization\"},\"potentialAction\":[{\"@type\":\"SearchAction\",\"target\":{\"@type\":\"EntryPoint\",\"urlTemplate\":\"https:\/\/kloster-notenson.com\/?s={search_term_string}\"},\"query-input\":\"required name=search_term_string\"}],\"inLanguage\":\"es\"},{\"@type\":\"Organization\",\"@id\":\"https:\/\/kloster-notenson.com\/#organization\",\"name\":\"Kloster-Notenson\",\"url\":\"https:\/\/kloster-notenson.com\/\",\"logo\":{\"@type\":\"ImageObject\",\"inLanguage\":\"es\",\"@id\":\"https:\/\/kloster-notenson.com\/#\/schema\/logo\/image\/\",\"url\":\"https:\/\/kloster-notenson.com\/wp-content\/uploads\/2023\/09\/cropped-Logo-color-BLANCO-P.png\",\"contentUrl\":\"https:\/\/kloster-notenson.com\/wp-content\/uploads\/2023\/09\/cropped-Logo-color-BLANCO-P.png\",\"width\":709,\"height\":670,\"caption\":\"Kloster-Notenson\"},\"image\":{\"@id\":\"https:\/\/kloster-notenson.com\/#\/schema\/logo\/image\/\"}}]}<\/script>\n<!-- \/ Yoast SEO plugin. -->","yoast_head_json":{"title":"La Solana - Kloster-Notenson","robots":{"index":"index","follow":"follow","max-snippet":"max-snippet:-1","max-image-preview":"max-image-preview:large","max-video-preview":"max-video-preview:-1"},"canonical":"https:\/\/kloster-notenson.com\/index.php\/project\/anna-john\/","og_locale":"es_ES","og_type":"article","og_title":"La Solana - Kloster-Notenson","og_description":"Costa del Sol 2023 340 m2 + terr. \/ 4 dormitorios \/ 4 ba\u00f1os \/ poolhouse Renovaci\u00f3n de una casa de verano construida en los a\u00f1os 70. El proyecto consisti\u00f3 en optimizar los espacios y mejorar las calidades sin que la casa perdiera su encanto original ni su car\u00e1cter mediterr\u00e1neo.\u00a0 Renovation of a summer house built in the 1970s. The project consisted of optimising the spaces and improving the qualities without the house losing its [&hellip;]","og_url":"https:\/\/kloster-notenson.com\/index.php\/project\/anna-john\/","og_site_name":"Kloster-Notenson","article_modified_time":"2024-02-21T08:40:17+00:00","og_image":[{"width":2560,"height":1440,"url":"https:\/\/kloster-notenson.com\/wp-content\/uploads\/2014\/08\/02-5-scaled.jpg","type":"image\/jpeg"}],"twitter_card":"summary_large_image","schema":{"@context":"https:\/\/schema.org","@graph":[{"@type":"WebPage","@id":"https:\/\/kloster-notenson.com\/index.php\/project\/anna-john\/","url":"https:\/\/kloster-notenson.com\/index.php\/project\/anna-john\/","name":"La Solana - Kloster-Notenson","isPartOf":{"@id":"https:\/\/kloster-notenson.com\/#website"},"primaryImageOfPage":{"@id":"https:\/\/kloster-notenson.com\/index.php\/project\/anna-john\/#primaryimage"},"image":{"@id":"https:\/\/kloster-notenson.com\/index.php\/project\/anna-john\/#primaryimage"},"thumbnailUrl":"https:\/\/kloster-notenson.com\/wp-content\/uploads\/2014\/08\/02-5-scaled.jpg","datePublished":"2014-08-06T11:04:58+00:00","dateModified":"2024-02-21T08:40:17+00:00","breadcrumb":{"@id":"https:\/\/kloster-notenson.com\/index.php\/project\/anna-john\/#breadcrumb"},"inLanguage":"es","potentialAction":[{"@type":"ReadAction","target":["https:\/\/kloster-notenson.com\/index.php\/project\/anna-john\/"]}]},{"@type":"ImageObject","inLanguage":"es","@id":"https:\/\/kloster-notenson.com\/index.php\/project\/anna-john\/#primaryimage","url":"https:\/\/kloster-notenson.com\/wp-content\/uploads\/2014\/08\/02-5-scaled.jpg","contentUrl":"https:\/\/kloster-notenson.com\/wp-content\/uploads\/2014\/08\/02-5-scaled.jpg","width":2560,"height":1440},{"@type":"BreadcrumbList","@id":"https:\/\/kloster-notenson.com\/index.php\/project\/anna-john\/#breadcrumb","itemListElement":[{"@type":"ListItem","position":1,"name":"Portada","item":"https:\/\/kloster-notenson.com\/"},{"@type":"ListItem","position":2,"name":"La Solana"}]},{"@type":"WebSite","@id":"https:\/\/kloster-notenson.com\/#website","url":"https:\/\/kloster-notenson.com\/","name":"Kloster-Notenson","description":"Arquitectura \/ Architecture","publisher":{"@id":"https:\/\/kloster-notenson.com\/#organization"},"potentialAction":[{"@type":"SearchAction","target":{"@type":"EntryPoint","urlTemplate":"https:\/\/kloster-notenson.com\/?s={search_term_string}"},"query-input":"required name=search_term_string"}],"inLanguage":"es"},{"@type":"Organization","@id":"https:\/\/kloster-notenson.com\/#organization","name":"Kloster-Notenson","url":"https:\/\/kloster-notenson.com\/","logo":{"@type":"ImageObject","inLanguage":"es","@id":"https:\/\/kloster-notenson.com\/#\/schema\/logo\/image\/","url":"https:\/\/kloster-notenson.com\/wp-content\/uploads\/2023\/09\/cropped-Logo-color-BLANCO-P.png","contentUrl":"https:\/\/kloster-notenson.com\/wp-content\/uploads\/2023\/09\/cropped-Logo-color-BLANCO-P.png","width":709,"height":670,"caption":"Kloster-Notenson"},"image":{"@id":"https:\/\/kloster-notenson.com\/#\/schema\/logo\/image\/"}}]}},"_links":{"self":[{"href":"https:\/\/kloster-notenson.com\/index.php\/wp-json\/wp\/v2\/portfolio_item\/5235","targetHints":{"allow":["GET"]}}],"collection":[{"href":"https:\/\/kloster-notenson.com\/index.php\/wp-json\/wp\/v2\/portfolio_item"}],"about":[{"href":"https:\/\/kloster-notenson.com\/index.php\/wp-json\/wp\/v2\/types\/portfolio_item"}],"author":[{"embeddable":true,"href":"https:\/\/kloster-notenson.com\/index.php\/wp-json\/wp\/v2\/users\/1"}],"replies":[{"embeddable":true,"href":"https:\/\/kloster-notenson.com\/index.php\/wp-json\/wp\/v2\/comments?post=5235"}],"wp:featuredmedia":[{"embeddable":true,"href":"https:\/\/kloster-notenson.com\/index.php\/wp-json\/wp\/v2\/media\/6715"}],"wp:attachment":[{"href":"https:\/\/kloster-notenson.com\/index.php\/wp-json\/wp\/v2\/media?parent=5235"}],"wp:term":[{"taxonomy":"portfolio","embeddable":true,"href":"https:\/\/kloster-notenson.com\/index.php\/wp-json\/wp\/v2\/portfolio?post=5235"}],"curies":[{"name":"wp","href":"https:\/\/api.w.org\/{rel}","templated":true}]}}